{"version":"1.0","provider_name":"\u0158\u00edmskokatolick\u00e1 farnost Trnava u Zl\u00edna","provider_url":"https:\/\/www.farnost-trnava.cz","author_name":"Farnost Trnava u Zl\u00edna","author_url":"https:\/\/www.farnost-trnava.cz\/index.php\/author\/farnosttrn\/","title":"Novoro\u010dn\u00ed koncert tria Ars animae - 1. ledna 2023 - \u0158\u00edmskokatolick\u00e1 farnost Trnava u Zl\u00edna","type":"rich","width":600,"height":338,"html":"<blockquote class=\"wp-embedded-content\" data-secret=\"LGSnA3k3IV\"><a href=\"https:\/\/www.farnost-trnava.cz\/index.php\/2022\/12\/03\/novorocni-koncert-tria-ars-animae\/\">Novoro\u010dn\u00ed koncert tria Ars animae &#8211; 1. ledna 2023<\/a><\/blockquote><iframe sandbox=\"allow-scripts\" security=\"restricted\" src=\"https:\/\/www.farnost-trnava.cz\/index.php\/2022\/12\/03\/novorocni-koncert-tria-ars-animae\/embed\/#?secret=LGSnA3k3IV\" width=\"600\" height=\"338\" title=\"&#8222;Novoro\u010dn\u00ed koncert tria Ars animae &#8211; 1. ledna 2023&#8220; &#8212; \u0158\u00edmskokatolick\u00e1 farnost Trnava u Zl\u00edna\" data-secret=\"LGSnA3k3IV\" frameborder=\"0\" marginwidth=\"0\" marginheight=\"0\" scrolling=\"no\" class=\"wp-embedded-content\"><\/iframe><script type=\"text\/javascript\">\n\/* <![CDATA[ *\/\n\/*! This file is auto-generated *\/\n!function(d,l){\"use strict\";l.querySelector&&d.addEventListener&&\"undefined\"!=typeof URL&&(d.wp=d.wp||{},d.wp.receiveEmbedMessage||(d.wp.receiveEmbedMessage=function(e){var t=e.data;if((t||t.secret||t.message||t.value)&&!\/[^a-zA-Z0-9]\/.test(t.secret)){for(var s,r,n,a=l.querySelectorAll('iframe[data-secret=\"'+t.secret+'\"]'),o=l.querySelectorAll('blockquote[data-secret=\"'+t.secret+'\"]'),c=new RegExp(\"^https?:$\",\"i\"),i=0;i<o.length;i++)o[i].style.display=\"none\";for(i=0;i<a.length;i++)s=a[i],e.source===s.contentWindow&&(s.removeAttribute(\"style\"),\"height\"===t.message?(1e3<(r=parseInt(t.value,10))?r=1e3:~~r<200&&(r=200),s.height=r):\"link\"===t.message&&(r=new URL(s.getAttribute(\"src\")),n=new URL(t.value),c.test(n.protocol))&&n.host===r.host&&l.activeElement===s&&(d.top.location.href=t.value))}},d.addEventListener(\"message\",d.wp.receiveEmbedMessage,!1),l.addEventListener(\"DOMContentLoaded\",function(){for(var e,t,s=l.querySelectorAll(\"iframe.wp-embedded-content\"),r=0;r<s.length;r++)(t=(e=s[r]).getAttribute(\"data-secret\"))||(t=Math.random().toString(36).substring(2,12),e.src+=\"#?secret=\"+t,e.setAttribute(\"data-secret\",t)),e.contentWindow.postMessage({message:\"ready\",secret:t},\"*\")},!1)))}(window,document);\n\/* ]]> *\/\n<\/script>\n","thumbnail_url":"https:\/\/www.farnost-trnava.cz\/wp-content\/uploads\/2022\/12\/novorocni-koncert.png","thumbnail_width":435,"thumbnail_height":614,"description":"[vc_row][vc_column][vc_column_text] Obecn\u00ed \u00fa\u0159ad Trnava spolu s trnavskou farnost\u00ed po\u0159\u00e1daj\u00ed Novoro\u010dn\u00ed koncert tria ARS ANIMAE. Profesion\u00e1ln\u00ed komorn\u00ed soubor ARS ANIMAE byl zalo\u017een roku 2012. Toto seskupen\u00ed interpretuje klasickou vok\u00e1ln\u00ed hudbu od baroka a\u017e po 21. stolet\u00ed. P\u0159ednost\u00ed hudebn\u00edho t\u011blesa je p\u0159edev\u0161\u00edm barevn\u011b a v\u00fdrazov\u011b slad\u011bn\u00fd vok\u00e1ln\u00ed projev za doprovodu klav\u00edru nebo varhan. Na novoro\u010dn\u00edm koncert\u011b budou..."}