{"version":"1.0","provider_name":"\u0158\u00edmskokatolick\u00e1 farnost Trnava u Zl\u00edna","provider_url":"https:\/\/www.farnost-trnava.cz","author_name":"Farnost Trnava u Zl\u00edna","author_url":"https:\/\/www.farnost-trnava.cz\/index.php\/author\/farnosttrn\/","title":"Ohl\u00e9dnut\u00ed za Farn\u00edm dnem 1. \u0159\u00edjna 2023 - \u0158\u00edmskokatolick\u00e1 farnost Trnava u Zl\u00edna","type":"rich","width":600,"height":338,"html":"<blockquote class=\"wp-embedded-content\" data-secret=\"HPZD4lRIKF\"><a href=\"https:\/\/www.farnost-trnava.cz\/index.php\/2023\/10\/08\/ohlednuti-za-farnim-dnem-1-rijna-2023\/\">Ohl\u00e9dnut\u00ed za Farn\u00edm dnem 1. \u0159\u00edjna 2023<\/a><\/blockquote><iframe sandbox=\"allow-scripts\" security=\"restricted\" src=\"https:\/\/www.farnost-trnava.cz\/index.php\/2023\/10\/08\/ohlednuti-za-farnim-dnem-1-rijna-2023\/embed\/#?secret=HPZD4lRIKF\" width=\"600\" height=\"338\" title=\"&#8222;Ohl\u00e9dnut\u00ed za Farn\u00edm dnem 1. \u0159\u00edjna 2023&#8220; &#8212; \u0158\u00edmskokatolick\u00e1 farnost Trnava u Zl\u00edna\" data-secret=\"HPZD4lRIKF\" frameborder=\"0\" marginwidth=\"0\" marginheight=\"0\" scrolling=\"no\" class=\"wp-embedded-content\"><\/iframe><script type=\"text\/javascript\">\n\/* <![CDATA[ *\/\n\/*! This file is auto-generated *\/\n!function(d,l){\"use strict\";l.querySelector&&d.addEventListener&&\"undefined\"!=typeof URL&&(d.wp=d.wp||{},d.wp.receiveEmbedMessage||(d.wp.receiveEmbedMessage=function(e){var t=e.data;if((t||t.secret||t.message||t.value)&&!\/[^a-zA-Z0-9]\/.test(t.secret)){for(var s,r,n,a=l.querySelectorAll('iframe[data-secret=\"'+t.secret+'\"]'),o=l.querySelectorAll('blockquote[data-secret=\"'+t.secret+'\"]'),c=new RegExp(\"^https?:$\",\"i\"),i=0;i<o.length;i++)o[i].style.display=\"none\";for(i=0;i<a.length;i++)s=a[i],e.source===s.contentWindow&&(s.removeAttribute(\"style\"),\"height\"===t.message?(1e3<(r=parseInt(t.value,10))?r=1e3:~~r<200&&(r=200),s.height=r):\"link\"===t.message&&(r=new URL(s.getAttribute(\"src\")),n=new URL(t.value),c.test(n.protocol))&&n.host===r.host&&l.activeElement===s&&(d.top.location.href=t.value))}},d.addEventListener(\"message\",d.wp.receiveEmbedMessage,!1),l.addEventListener(\"DOMContentLoaded\",function(){for(var e,t,s=l.querySelectorAll(\"iframe.wp-embedded-content\"),r=0;r<s.length;r++)(t=(e=s[r]).getAttribute(\"data-secret\"))||(t=Math.random().toString(36).substring(2,12),e.src+=\"#?secret=\"+t,e.setAttribute(\"data-secret\",t)),e.contentWindow.postMessage({message:\"ready\",secret:t},\"*\")},!1)))}(window,document);\n\/* ]]> *\/\n<\/script>\n","thumbnail_url":"https:\/\/www.farnost-trnava.cz\/wp-content\/uploads\/2023\/10\/farni_den_2023_recap-1024x819.png","thumbnail_width":1024,"thumbnail_height":819,"description":"[vc_row][vc_column][vc_column_text]Prvn\u00ed \u0159\u00edjnov\u00fd den je v na\u0161\u00ed farnosti od roku 1911 ve znamen\u00ed posv\u011bcen\u00ed trnavsk\u00e9ho kostela. Tuto ud\u00e1lost jsme si letos p\u0159ipomenuli p\u0159esn\u011b v tento slavn\u00fd den. Dopoledn\u00ed m\u0161e svat\u00e9, celebrovan\u00e9 na\u0161\u00edm duchovn\u00edm otcem Josefem Kucha\u0159em, se nesly v duchu t\u00e9to v\u00fdznamn\u00e9 ud\u00e1losti nejen pro farnost, ale i pro obce Trnava a Podkopn\u00e1 Lhota. Ve dv\u011b..."}