{"version":"1.0","provider_name":"\u0158\u00edmskokatolick\u00e1 farnost Trnava u Zl\u00edna","provider_url":"https:\/\/www.farnost-trnava.cz","author_name":"Farnost Trnava u Zl\u00edna","author_url":"https:\/\/www.farnost-trnava.cz\/index.php\/author\/farnosttrn\/","title":"Jubilejn\u00ed rok 2025 - \u0158\u00edmskokatolick\u00e1 farnost Trnava u Zl\u00edna","type":"rich","width":600,"height":338,"html":"<blockquote class=\"wp-embedded-content\" data-secret=\"I2uMM8hYFL\"><a href=\"https:\/\/www.farnost-trnava.cz\/index.php\/2025\/06\/22\/jubilejni-rok-2025\/\">Jubilejn\u00ed rok 2025<\/a><\/blockquote><iframe sandbox=\"allow-scripts\" security=\"restricted\" src=\"https:\/\/www.farnost-trnava.cz\/index.php\/2025\/06\/22\/jubilejni-rok-2025\/embed\/#?secret=I2uMM8hYFL\" width=\"600\" height=\"338\" title=\"&#8222;Jubilejn\u00ed rok 2025&#8220; &#8212; \u0158\u00edmskokatolick\u00e1 farnost Trnava u Zl\u00edna\" data-secret=\"I2uMM8hYFL\" frameborder=\"0\" marginwidth=\"0\" marginheight=\"0\" scrolling=\"no\" class=\"wp-embedded-content\"><\/iframe><script type=\"text\/javascript\">\n\/* <![CDATA[ *\/\n\/*! This file is auto-generated *\/\n!function(d,l){\"use strict\";l.querySelector&&d.addEventListener&&\"undefined\"!=typeof URL&&(d.wp=d.wp||{},d.wp.receiveEmbedMessage||(d.wp.receiveEmbedMessage=function(e){var t=e.data;if((t||t.secret||t.message||t.value)&&!\/[^a-zA-Z0-9]\/.test(t.secret)){for(var s,r,n,a=l.querySelectorAll('iframe[data-secret=\"'+t.secret+'\"]'),o=l.querySelectorAll('blockquote[data-secret=\"'+t.secret+'\"]'),c=new RegExp(\"^https?:$\",\"i\"),i=0;i<o.length;i++)o[i].style.display=\"none\";for(i=0;i<a.length;i++)s=a[i],e.source===s.contentWindow&&(s.removeAttribute(\"style\"),\"height\"===t.message?(1e3<(r=parseInt(t.value,10))?r=1e3:~~r<200&&(r=200),s.height=r):\"link\"===t.message&&(r=new URL(s.getAttribute(\"src\")),n=new URL(t.value),c.test(n.protocol))&&n.host===r.host&&l.activeElement===s&&(d.top.location.href=t.value))}},d.addEventListener(\"message\",d.wp.receiveEmbedMessage,!1),l.addEventListener(\"DOMContentLoaded\",function(){for(var e,t,s=l.querySelectorAll(\"iframe.wp-embedded-content\"),r=0;r<s.length;r++)(t=(e=s[r]).getAttribute(\"data-secret\"))||(t=Math.random().toString(36).substring(2,12),e.src+=\"#?secret=\"+t,e.setAttribute(\"data-secret\",t)),e.contentWindow.postMessage({message:\"ready\",secret:t},\"*\")},!1)))}(window,document);\n\/* ]]> *\/\n<\/script>\n","thumbnail_url":"https:\/\/www.farnost-trnava.cz\/wp-content\/uploads\/2025\/06\/Logo-jubilea-Poutnici-nadeje-PNG.png","thumbnail_width":1719,"thumbnail_height":1788,"description":"[vc_row][vc_column][vc_single_image image=&#8220;4003&#8243; img_size=&#8220;medium&#8220; onclick=&#8220;custom_link&#8220; link=&#8220;https:\/\/jubileum2025.cz\/index.php&#8220;][vc_column_text] Co je jubileum? \u201eJubileum\u201c je ozna\u010den\u00ed v\u00fdznamn\u00e9ho roku; n\u00e1zev je odvozen od n\u00e1stroje, kter\u00fd se pou\u017e\u00edv\u00e1 k\u00a0jeho zah\u00e1jen\u00ed. V\u00a0tomto p\u0159\u00edpad\u011b je t\u00edmto n\u00e1strojem yobel, beran\u00ed roh, kter\u00fd se pou\u017e\u00edv\u00e1 k\u00a0vyhl\u00e1\u0161en\u00ed Dne sm\u00ed\u0159en\u00ed (Jom kipur). Tento (\u017eidovsk\u00fd) sv\u00e1tek se kon\u00e1 ka\u017ed\u00fd rok, ale zvl\u00e1\u0161tn\u00edho v\u00fdznamu nab\u00fdv\u00e1, kdy\u017e ozna\u010duje za\u010d\u00e1tek jubilejn\u00edho roku...."}