{"version":"1.0","provider_name":"\u0158\u00edmskokatolick\u00e1 farnost Trnava u Zl\u00edna","provider_url":"https:\/\/www.farnost-trnava.cz","author_name":"Farnost Trnava u Zl\u00edna","author_url":"https:\/\/www.farnost-trnava.cz\/index.php\/author\/farnosttrn\/","title":"Homilie P. Pavla H\u00f6dla (7. z\u00e1\u0159\u00ed 2025) - \u0158\u00edmskokatolick\u00e1 farnost Trnava u Zl\u00edna","type":"rich","width":600,"height":338,"html":"<blockquote class=\"wp-embedded-content\" data-secret=\"HkG1mZXh0D\"><a href=\"https:\/\/www.farnost-trnava.cz\/index.php\/2025\/09\/08\/homilie-p-pavla-hodla\/\">Homilie P. Pavla H\u00f6dla (7. z\u00e1\u0159\u00ed 2025)<\/a><\/blockquote><iframe sandbox=\"allow-scripts\" security=\"restricted\" src=\"https:\/\/www.farnost-trnava.cz\/index.php\/2025\/09\/08\/homilie-p-pavla-hodla\/embed\/#?secret=HkG1mZXh0D\" width=\"600\" height=\"338\" title=\"&#8222;Homilie P. Pavla H\u00f6dla (7. z\u00e1\u0159\u00ed 2025)&#8220; &#8212; \u0158\u00edmskokatolick\u00e1 farnost Trnava u Zl\u00edna\" data-secret=\"HkG1mZXh0D\" frameborder=\"0\" marginwidth=\"0\" marginheight=\"0\" scrolling=\"no\" class=\"wp-embedded-content\"><\/iframe><script type=\"text\/javascript\">\n\/* <![CDATA[ *\/\n\/*! This file is auto-generated *\/\n!function(d,l){\"use strict\";l.querySelector&&d.addEventListener&&\"undefined\"!=typeof URL&&(d.wp=d.wp||{},d.wp.receiveEmbedMessage||(d.wp.receiveEmbedMessage=function(e){var t=e.data;if((t||t.secret||t.message||t.value)&&!\/[^a-zA-Z0-9]\/.test(t.secret)){for(var s,r,n,a=l.querySelectorAll('iframe[data-secret=\"'+t.secret+'\"]'),o=l.querySelectorAll('blockquote[data-secret=\"'+t.secret+'\"]'),c=new RegExp(\"^https?:$\",\"i\"),i=0;i<o.length;i++)o[i].style.display=\"none\";for(i=0;i<a.length;i++)s=a[i],e.source===s.contentWindow&&(s.removeAttribute(\"style\"),\"height\"===t.message?(1e3<(r=parseInt(t.value,10))?r=1e3:~~r<200&&(r=200),s.height=r):\"link\"===t.message&&(r=new URL(s.getAttribute(\"src\")),n=new URL(t.value),c.test(n.protocol))&&n.host===r.host&&l.activeElement===s&&(d.top.location.href=t.value))}},d.addEventListener(\"message\",d.wp.receiveEmbedMessage,!1),l.addEventListener(\"DOMContentLoaded\",function(){for(var e,t,s=l.querySelectorAll(\"iframe.wp-embedded-content\"),r=0;r<s.length;r++)(t=(e=s[r]).getAttribute(\"data-secret\"))||(t=Math.random().toString(36).substring(2,12),e.src+=\"#?secret=\"+t,e.setAttribute(\"data-secret\",t)),e.contentWindow.postMessage({message:\"ready\",secret:t},\"*\")},!1)))}(window,document);\n\/* ]]> *\/\n<\/script>\n","thumbnail_url":"https:\/\/www.farnost-trnava.cz\/wp-content\/uploads\/2025\/09\/Brown-Modern-Bible-Verse-Desktop-Wallpaper-1024x576.png","thumbnail_width":1024,"thumbnail_height":576,"description":"[vc_row][vc_column][vc_column_text] Homilie o 23. ned\u011bli v\u00a0mezidob\u00ed (7. z\u00e1\u0159\u00ed 2025) Milovan\u00ed! Nemohu zapomenout na v\u011btu, kterou pronesl, se \u010dtver\u00e1ck\u00fdm \u00fasm\u011bvem, o duchovn\u00edch cvi\u010den\u00edch p\u0159ed na\u0161\u00edm kn\u011b\u017esk\u00fdm sv\u011bcen\u00edm jeden karmelit\u00e1n: \u201eBrat\u0159i, a\u017e z\u00a0v\u00e1s jednou budou kanovn\u00edci, prel\u00e1ti a biskupov\u00e9, nezapome\u0148te, \u017ee va\u0161\u00edm prvo\u0159ad\u00fdm \u00fakolem je z\u016fstat Je\u017e\u00ed\u0161ov\u00fdmi u\u010dedn\u00edky.\u201c Ne\u0159ekl nic jin\u00e9ho ne\u017e dne\u0161n\u00ed zneklid\u0148uj\u00edc\u00ed \u00faryvek. \u201eKdy\u017e n\u011bkdo..."}