{"version":"1.0","provider_name":"\u0158\u00edmskokatolick\u00e1 farnost Trnava u Zl\u00edna","provider_url":"https:\/\/www.farnost-trnava.cz","author_name":"Farnost Trnava u Zl\u00edna","author_url":"https:\/\/www.farnost-trnava.cz\/index.php\/author\/farnosttrn\/","title":"Homilie P. Pavla H\u00f6dla - 14. z\u00e1\u0159\u00ed 2025 - \u0158\u00edmskokatolick\u00e1 farnost Trnava u Zl\u00edna","type":"rich","width":600,"height":338,"html":"<blockquote class=\"wp-embedded-content\" data-secret=\"Iqm7r2JXrF\"><a href=\"https:\/\/www.farnost-trnava.cz\/index.php\/2025\/09\/14\/homilie-p-pavla-hodla-14-zari-2025\/\">Homilie P. Pavla H\u00f6dla &#8211; 14. z\u00e1\u0159\u00ed 2025<\/a><\/blockquote><iframe sandbox=\"allow-scripts\" security=\"restricted\" src=\"https:\/\/www.farnost-trnava.cz\/index.php\/2025\/09\/14\/homilie-p-pavla-hodla-14-zari-2025\/embed\/#?secret=Iqm7r2JXrF\" width=\"600\" height=\"338\" title=\"&#8222;Homilie P. Pavla H\u00f6dla &#8211; 14. z\u00e1\u0159\u00ed 2025&#8220; &#8212; \u0158\u00edmskokatolick\u00e1 farnost Trnava u Zl\u00edna\" data-secret=\"Iqm7r2JXrF\" frameborder=\"0\" marginwidth=\"0\" marginheight=\"0\" scrolling=\"no\" class=\"wp-embedded-content\"><\/iframe><script type=\"text\/javascript\">\n\/* <![CDATA[ *\/\n\/*! This file is auto-generated *\/\n!function(d,l){\"use strict\";l.querySelector&&d.addEventListener&&\"undefined\"!=typeof URL&&(d.wp=d.wp||{},d.wp.receiveEmbedMessage||(d.wp.receiveEmbedMessage=function(e){var t=e.data;if((t||t.secret||t.message||t.value)&&!\/[^a-zA-Z0-9]\/.test(t.secret)){for(var s,r,n,a=l.querySelectorAll('iframe[data-secret=\"'+t.secret+'\"]'),o=l.querySelectorAll('blockquote[data-secret=\"'+t.secret+'\"]'),c=new RegExp(\"^https?:$\",\"i\"),i=0;i<o.length;i++)o[i].style.display=\"none\";for(i=0;i<a.length;i++)s=a[i],e.source===s.contentWindow&&(s.removeAttribute(\"style\"),\"height\"===t.message?(1e3<(r=parseInt(t.value,10))?r=1e3:~~r<200&&(r=200),s.height=r):\"link\"===t.message&&(r=new URL(s.getAttribute(\"src\")),n=new URL(t.value),c.test(n.protocol))&&n.host===r.host&&l.activeElement===s&&(d.top.location.href=t.value))}},d.addEventListener(\"message\",d.wp.receiveEmbedMessage,!1),l.addEventListener(\"DOMContentLoaded\",function(){for(var e,t,s=l.querySelectorAll(\"iframe.wp-embedded-content\"),r=0;r<s.length;r++)(t=(e=s[r]).getAttribute(\"data-secret\"))||(t=Math.random().toString(36).substring(2,12),e.src+=\"#?secret=\"+t,e.setAttribute(\"data-secret\",t)),e.contentWindow.postMessage({message:\"ready\",secret:t},\"*\")},!1)))}(window,document);\n\/* ]]> *\/\n<\/script>\n","thumbnail_url":"https:\/\/www.farnost-trnava.cz\/wp-content\/uploads\/2025\/09\/Brown-Modern-Bible-Verse-Desktop-Wallpaper-1024x576.png","thumbnail_width":1024,"thumbnail_height":576,"description":"[vc_row][vc_column][vc_column_text] Homilie P. Pavla H\u00f6dla Pov\u00fd\u0161en\u00ed svat\u00e9ho k\u0159\u00ed\u017ee 14. z\u00e1\u0159\u00ed 2025 \u201eKristus byl poslu\u0161n\u00fd a\u017e k\u00a0smrti, a to k\u00a0smrti na k\u0159\u00ed\u017ei. Proto ho tak\u00e9 B\u016fh pov\u00fd\u0161il a dal mu jm\u00e9no nad ka\u017ed\u00e9 jin\u00e9 jm\u00e9no.\u201c (2,8-9) &nbsp; Milovan\u00ed ctitel\u00e9 P\u00e1nova k\u0159\u00ed\u017ee! Ozvuk Velk\u00e9ho p\u00e1tku Dne\u0161n\u00ed sv\u00e1tek je jak\u00fdmsi mocn\u00fdm ozvukem Velk\u00e9ho p\u00e1tku. Spole\u010dn\u011b rozj\u00edm\u00e1me se sv\u00fdm..."}