{"version":"1.0","provider_name":"\u0158\u00edmskokatolick\u00e1 farnost Trnava u Zl\u00edna","provider_url":"https:\/\/www.farnost-trnava.cz","author_name":"Farnost Trnava u Zl\u00edna","author_url":"https:\/\/www.farnost-trnava.cz\/index.php\/author\/farnosttrn\/","title":"P\u0159edn\u00e1\u0161ka: T\u0159et\u00ed f\u00e1ze Synody o synodalit\u011b o\u010dima teologa - 3. 12. 2025 v Olomouci - \u0158\u00edmskokatolick\u00e1 farnost Trnava u Zl\u00edna","type":"rich","width":600,"height":338,"html":"<blockquote class=\"wp-embedded-content\" data-secret=\"k3ebyODsPC\"><a href=\"https:\/\/www.farnost-trnava.cz\/index.php\/2025\/11\/13\/prednaska\/\">P\u0159edn\u00e1\u0161ka: T\u0159et\u00ed f\u00e1ze Synody o synodalit\u011b o\u010dima teologa &#8211; 3. 12. 2025 v Olomouci<\/a><\/blockquote><iframe sandbox=\"allow-scripts\" security=\"restricted\" src=\"https:\/\/www.farnost-trnava.cz\/index.php\/2025\/11\/13\/prednaska\/embed\/#?secret=k3ebyODsPC\" width=\"600\" height=\"338\" title=\"&#8222;P\u0159edn\u00e1\u0161ka: T\u0159et\u00ed f\u00e1ze Synody o synodalit\u011b o\u010dima teologa &#8211; 3. 12. 2025 v Olomouci&#8220; &#8212; \u0158\u00edmskokatolick\u00e1 farnost Trnava u Zl\u00edna\" data-secret=\"k3ebyODsPC\" frameborder=\"0\" marginwidth=\"0\" marginheight=\"0\" scrolling=\"no\" class=\"wp-embedded-content\"><\/iframe><script type=\"text\/javascript\">\n\/* <![CDATA[ *\/\n\/*! This file is auto-generated *\/\n!function(d,l){\"use strict\";l.querySelector&&d.addEventListener&&\"undefined\"!=typeof URL&&(d.wp=d.wp||{},d.wp.receiveEmbedMessage||(d.wp.receiveEmbedMessage=function(e){var t=e.data;if((t||t.secret||t.message||t.value)&&!\/[^a-zA-Z0-9]\/.test(t.secret)){for(var s,r,n,a=l.querySelectorAll('iframe[data-secret=\"'+t.secret+'\"]'),o=l.querySelectorAll('blockquote[data-secret=\"'+t.secret+'\"]'),c=new RegExp(\"^https?:$\",\"i\"),i=0;i<o.length;i++)o[i].style.display=\"none\";for(i=0;i<a.length;i++)s=a[i],e.source===s.contentWindow&&(s.removeAttribute(\"style\"),\"height\"===t.message?(1e3<(r=parseInt(t.value,10))?r=1e3:~~r<200&&(r=200),s.height=r):\"link\"===t.message&&(r=new URL(s.getAttribute(\"src\")),n=new URL(t.value),c.test(n.protocol))&&n.host===r.host&&l.activeElement===s&&(d.top.location.href=t.value))}},d.addEventListener(\"message\",d.wp.receiveEmbedMessage,!1),l.addEventListener(\"DOMContentLoaded\",function(){for(var e,t,s=l.querySelectorAll(\"iframe.wp-embedded-content\"),r=0;r<s.length;r++)(t=(e=s[r]).getAttribute(\"data-secret\"))||(t=Math.random().toString(36).substring(2,12),e.src+=\"#?secret=\"+t,e.setAttribute(\"data-secret\",t)),e.contentWindow.postMessage({message:\"ready\",secret:t},\"*\")},!1)))}(window,document);\n\/* ]]> *\/\n<\/script>\n","thumbnail_url":"https:\/\/www.farnost-trnava.cz\/wp-content\/uploads\/2025\/11\/prednaska.png","thumbnail_width":987,"thumbnail_height":700,"description":"[vc_row][vc_column][stm_spacer][\/vc_column][\/vc_row][vc_row][vc_column][vc_column_text]Rada pro synodalitu p\u0159i \u010cesk\u00e9 biskupsk\u00e9 konferenci zve v\u0161echny z\u00e1jemce na p\u0159edn\u00e1\u0161ku v\u011bnovanou Synod\u011b o synodalit\u011b. P\u0159edn\u00e1\u0161ka prob\u011bhne 3.\u00a0prosince 2025 od 10.00 v\u00a0aule Cyrilometod\u011bjsk\u00e9 katolick\u00e9 teologick\u00e9 fakulty Univerzity Palack\u00e9ho v\u00a0Olomouci. P\u0159edn\u00e1\u0161ej\u00edc\u00edm je Mons. Piero Coda, v\u00fdznamn\u00fd italsk\u00fd teolog, gener\u00e1ln\u00ed sekret\u00e1\u0159 Mezin\u00e1rodn\u00ed teologick\u00e9 komise, poradce Gener\u00e1ln\u00edho sekretari\u00e1tu synody. Jeho p\u0159edn\u00e1\u0161ka nese n\u00e1zev \u201eT\u0159et\u00ed f\u00e1ze synod\u00e1ln\u00edho procesu:..."}