{"version":"1.0","provider_name":"\u0158\u00edmskokatolick\u00e1 farnost Trnava u Zl\u00edna","provider_url":"https:\/\/www.farnost-trnava.cz","author_name":"Farnost Trnava u Zl\u00edna","author_url":"https:\/\/www.farnost-trnava.cz\/index.php\/author\/farnosttrn\/","title":"V\u00edkendovka pro 3., 4. a 5. t\u0159\u00eddu - \u0158\u00edmskokatolick\u00e1 farnost Trnava u Zl\u00edna","type":"rich","width":600,"height":338,"html":"<blockquote class=\"wp-embedded-content\" data-secret=\"YNWUaZ3bmj\"><a href=\"https:\/\/www.farnost-trnava.cz\/index.php\/2026\/03\/08\/vikendovka-pro-3-4-a-5-tridu\/\">V\u00edkendovka pro 3., 4. a 5. t\u0159\u00eddu<\/a><\/blockquote><iframe sandbox=\"allow-scripts\" security=\"restricted\" src=\"https:\/\/www.farnost-trnava.cz\/index.php\/2026\/03\/08\/vikendovka-pro-3-4-a-5-tridu\/embed\/#?secret=YNWUaZ3bmj\" width=\"600\" height=\"338\" title=\"&#8222;V\u00edkendovka pro 3., 4. a 5. t\u0159\u00eddu&#8220; &#8212; \u0158\u00edmskokatolick\u00e1 farnost Trnava u Zl\u00edna\" data-secret=\"YNWUaZ3bmj\" frameborder=\"0\" marginwidth=\"0\" marginheight=\"0\" scrolling=\"no\" class=\"wp-embedded-content\"><\/iframe><script type=\"text\/javascript\">\n\/* <![CDATA[ *\/\n\/*! This file is auto-generated *\/\n!function(d,l){\"use strict\";l.querySelector&&d.addEventListener&&\"undefined\"!=typeof URL&&(d.wp=d.wp||{},d.wp.receiveEmbedMessage||(d.wp.receiveEmbedMessage=function(e){var t=e.data;if((t||t.secret||t.message||t.value)&&!\/[^a-zA-Z0-9]\/.test(t.secret)){for(var s,r,n,a=l.querySelectorAll('iframe[data-secret=\"'+t.secret+'\"]'),o=l.querySelectorAll('blockquote[data-secret=\"'+t.secret+'\"]'),c=new RegExp(\"^https?:$\",\"i\"),i=0;i<o.length;i++)o[i].style.display=\"none\";for(i=0;i<a.length;i++)s=a[i],e.source===s.contentWindow&&(s.removeAttribute(\"style\"),\"height\"===t.message?(1e3<(r=parseInt(t.value,10))?r=1e3:~~r<200&&(r=200),s.height=r):\"link\"===t.message&&(r=new URL(s.getAttribute(\"src\")),n=new URL(t.value),c.test(n.protocol))&&n.host===r.host&&l.activeElement===s&&(d.top.location.href=t.value))}},d.addEventListener(\"message\",d.wp.receiveEmbedMessage,!1),l.addEventListener(\"DOMContentLoaded\",function(){for(var e,t,s=l.querySelectorAll(\"iframe.wp-embedded-content\"),r=0;r<s.length;r++)(t=(e=s[r]).getAttribute(\"data-secret\"))||(t=Math.random().toString(36).substring(2,12),e.src+=\"#?secret=\"+t,e.setAttribute(\"data-secret\",t)),e.contentWindow.postMessage({message:\"ready\",secret:t},\"*\")},!1)))}(window,document);\n\/* ]]> *\/\n<\/script>\n","thumbnail_url":"https:\/\/www.farnost-trnava.cz\/wp-content\/uploads\/2026\/03\/vikendovka.png","thumbnail_width":871,"thumbnail_height":426,"description":"[vc_row][vc_column][stm_spacer][\/vc_column][\/vc_row][vc_row][vc_column][vc_column_text]V\u0161echny t\u0159e\u0165\u00e1ky, \u010dtvr\u0165\u00e1ky a p\u00e1\u0165\u00e1ky zveme na program s p\u0159esp\u00e1n\u00edm na fa\u0159e. Za\u010d\u00e1tek je v p\u00e1tek 20.3. na ve\u010dern\u00ed m\u0161\u00ed svat\u00e9 a konec v sobotu 21.3. v 15:00. V\u00edce informac\u00ed na plak\u00e1tku n\u00ed\u017ee a\u00a0zde\u00a0je ke sta\u017een\u00ed p\u0159ihl\u00e1\u0161ka. T\u011b\u0161\u00ed se Anet, Martin a B\u011btka.[\/vc_column_text][\/vc_column][\/vc_row][vc_row][vc_column][vc_single_image image=&#8220;4850&#8243; img_size=&#8220;large&#8220; onclick=&#8220;img_link_large&#8220; img_link_target=&#8220;_blank&#8220;][\/vc_column][\/vc_row]"}